{"version":"1.0","provider_name":"Pati Jinich en Espa\u00f1ol","provider_url":"https:\/\/patijinich.com\/pati_2020\/es","author_name":"marsella","author_url":"https:\/\/patijinich.com\/pati_2020\/es\/author\/marsella\/","title":"Crema poblana - Pati Jinich en Espa\u00f1ol","type":"rich","width":600,"height":338,"html":"<blockquote class=\"wp-embedded-content\" data-secret=\"oLIRpcyViw\"><a href=\"https:\/\/patijinich.com\/pati_2020\/es\/crema-poblana-2\/\">Crema poblana<\/a><\/blockquote><iframe sandbox=\"allow-scripts\" security=\"restricted\" src=\"https:\/\/patijinich.com\/pati_2020\/es\/crema-poblana-2\/embed\/#?secret=oLIRpcyViw\" width=\"600\" height=\"338\" title=\"&#8220;Crema poblana&#8221; &#8212; Pati Jinich en Espa\u00f1ol\" data-secret=\"oLIRpcyViw\" frameborder=\"0\" marginwidth=\"0\" marginheight=\"0\" scrolling=\"no\" class=\"wp-embedded-content\"><\/iframe><script>\n\/*! This file is auto-generated *\/\n!function(c,d){\"use strict\";var e=!1,o=!1;if(d.querySelector)if(c.addEventListener)e=!0;if(c.wp=c.wp||{},c.wp.receiveEmbedMessage);else if(c.wp.receiveEmbedMessage=function(e){var t=e.data;if(!t);else if(!(t.secret||t.message||t.value));else if(\/[^a-zA-Z0-9]\/.test(t.secret));else{for(var r,s,a,i=d.querySelectorAll('iframe[data-secret=\"'+t.secret+'\"]'),n=d.querySelectorAll('blockquote[data-secret=\"'+t.secret+'\"]'),o=new RegExp(\"^https?:$\",\"i\"),l=0;l<n.length;l++)n[l].style.display=\"none\";for(l=0;l<i.length;l++)if(r=i[l],e.source!==r.contentWindow);else{if(r.removeAttribute(\"style\"),\"height\"===t.message){if(1e3<(s=parseInt(t.value,10)))s=1e3;else if(~~s<200)s=200;r.height=s}if(\"link\"===t.message)if(s=d.createElement(\"a\"),a=d.createElement(\"a\"),s.href=r.getAttribute(\"src\"),a.href=t.value,!o.test(a.protocol));else if(a.host===s.host)if(d.activeElement===r)c.top.location.href=t.value}}},e)c.addEventListener(\"message\",c.wp.receiveEmbedMessage,!1),d.addEventListener(\"DOMContentLoaded\",t,!1),c.addEventListener(\"load\",t,!1);function t(){if(o);else{o=!0;for(var e,t,r,s=-1!==navigator.appVersion.indexOf(\"MSIE 10\"),a=!!navigator.userAgent.match(\/Trident.*rv:11\\.\/),i=d.querySelectorAll(\"iframe.wp-embedded-content\"),n=0;n<i.length;n++){if(!(r=(t=i[n]).getAttribute(\"data-secret\")))r=Math.random().toString(36).substr(2,10),t.src+=\"#?secret=\"+r,t.setAttribute(\"data-secret\",r);if(s||a)(e=t.cloneNode(!0)).removeAttribute(\"security\"),t.parentNode.replaceChild(e,t);t.contentWindow.postMessage({message:\"ready\",secret:r},\"*\")}}}}(window,document);\n<\/script>\n","thumbnail_url":"https:\/\/patijinich.com\/pati_2020\/es\/wp-content\/uploads\/sites\/3\/2012\/05\/Crema-Poblana-main.jpg","thumbnail_width":912,"thumbnail_height":653,"description":"Cuando era ni\u00f1a en la Ciudad de M\u00e9xico no conoc\u00eda a nadie que celebrara el Cinco de Mayo, excepto por las personas que viv\u00edan en Puebla. Ni siquiera era d\u00eda de asueto. Eso s\u00ed, lo estudi\u00e1bamos en la escuela: la victoria inesperada de un grupo peque\u00f1o de militares mexicanos en contra del gran ej\u00e9rcito franc\u00e9s en 1862, la cual no dur\u00f3 mucho tiempo ya que los franceses ganaron poco tiempo despu\u00e9s."}