{"id":12972,"date":"2021-03-12T17:58:31","date_gmt":"2021-03-12T17:58:31","guid":{"rendered":"https:\/\/patijinich.com\/pati_2020\/es\/?post_type=video&#038;p=12972"},"modified":"2021-03-12T22:07:03","modified_gmt":"2021-03-12T22:07:03","slug":"episodio-504-comida-casera-del-domingo","status":"publish","type":"video","link":"https:\/\/patijinich.com\/pati_2020\/es\/video\/episodio-504-comida-casera-del-domingo\/","title":{"rendered":"Episodio 504: Comida Casera del Domingo"},"content":{"rendered":"\n<p>En M\u00e9rida, el domingo es un d\u00eda imperdible. Es una celebraci\u00f3n seminal con comida, baile y cultura. Pati comienza su d\u00eda como la mayor\u00eda de los meridanos, en el mercado. Despu\u00e9s de visitarlo y de probar la mejor torta de lech\u00f3n de la ciudad, presencia el baile de la Vaquer\u00eda en el z\u00f3calo de la ciudad. No pod\u00eda pasar un domingo en M\u00e9rida sin una comida en familia. Afortunadamente, su amigo Roberto Solis, chef del Restaurante N\u00e9ctar en M\u00e9rida, invita a Pati a su casa para comer con toda su familia. De regreso a la cocina, prepara su propia comida dominical para su familia, con enchiladas de lomito de puerco con mole verde con un pico de r\u00e1bano fresco.<\/p>\n","protected":false},"excerpt":{"rendered":"<p>En M\u00e9rida, el domingo es un d\u00eda imperdible. Es una celebraci\u00f3n seminal con comida, baile y cultura. Pati comienza su d\u00eda como la mayor\u00eda de los meridanos, en el mercado. Despu\u00e9s de visitarlo y de probar la mejor torta de lech\u00f3n de la ciudad, presencia el baile de la Vaquer\u00eda en el z\u00f3calo de la [&hellip;]<\/p>\n","protected":false},"featured_media":12959,"template":"","meta":{"wprm-recipe-roundup-name":"","wprm-recipe-roundup-description":""},"region":[],"series":[7596,7607],"yoast_head":"<!-- This site is optimized with the Yoast SEO plugin v19.1 - https:\/\/yoast.com\/wordpress\/plugins\/seo\/ -->\n<title>Episodio 504: Comida Casera del Domingo - Pati Jinich en Espa\u00f1ol<\/title>\n<meta name=\"robots\" content=\"index, follow, max-snippet:-1, max-image-preview:large, max-video-preview:-1\" \/>\n<link rel=\"canonical\" href=\"https:\/\/patijinich.com\/pati_2020\/es\/video\/episodio-504-comida-casera-del-domingo\/\" \/>\n<meta property=\"og:locale\" content=\"es_MX\" \/>\n<meta property=\"og:type\" content=\"article\" \/>\n<meta property=\"og:title\" content=\"Episodio 504: Comida Casera del Domingo - Pati Jinich en Espa\u00f1ol\" \/>\n<meta property=\"og:description\" content=\"En M\u00e9rida, el domingo es un d\u00eda imperdible. Es una celebraci\u00f3n seminal con comida, baile y cultura. Pati comienza su d\u00eda como la mayor\u00eda de los meridanos, en el mercado. Despu\u00e9s de visitarlo y de probar la mejor torta de lech\u00f3n de la ciudad, presencia el baile de la Vaquer\u00eda en el z\u00f3calo de la [&hellip;]\" \/>\n<meta property=\"og:url\" content=\"https:\/\/patijinich.com\/pati_2020\/es\/video\/episodio-504-comida-casera-del-domingo\/\" \/>\n<meta property=\"og:site_name\" content=\"Pati Jinich en Espa\u00f1ol\" \/>\n<meta property=\"article:modified_time\" content=\"2021-03-12T22:07:03+00:00\" \/>\n<meta property=\"og:image\" content=\"https:\/\/patijinich.com\/pati_2020\/es\/wp-content\/uploads\/sites\/3\/2021\/03\/PMT-504-Episode-Thumbnail-min.jpg\" \/>\n\t<meta property=\"og:image:width\" content=\"1600\" \/>\n\t<meta property=\"og:image:height\" content=\"1200\" \/>\n\t<meta property=\"og:image:type\" content=\"image\/jpeg\" \/>\n<meta name=\"twitter:card\" content=\"summary_large_image\" \/>\n<meta name=\"twitter:label1\" content=\"Est. reading time\" \/>\n\t<meta name=\"twitter:data1\" content=\"1 minuto\" \/>\n<script type=\"application\/ld+json\" class=\"yoast-schema-graph\">{\"@context\":\"https:\/\/schema.org\",\"@graph\":[{\"@type\":\"WebSite\",\"@id\":\"https:\/\/patijinich.com\/pati_2020\/es\/#website\",\"url\":\"https:\/\/patijinich.com\/pati_2020\/es\/\",\"name\":\"Pati Jinich en Espa\u00f1ol\",\"description\":\"Pati Jinich es la anfitriona del popular programa de la PBS Pati&#039;s Mexican Table, nominado a los premios Emmy and James Beard, autora de dos libros de cocina y chef residente en el Instituto Cultural Mexicano en Washington, D.C. Esta es su p\u00e1gina oficial, en la comparte recetas de su programa y recetas nuevas en su blog, eventos pr\u00f3ximos, noticias recientes y m\u00e1s.\",\"potentialAction\":[{\"@type\":\"SearchAction\",\"target\":{\"@type\":\"EntryPoint\",\"urlTemplate\":\"https:\/\/patijinich.com\/pati_2020\/es\/?s={search_term_string}\"},\"query-input\":\"required name=search_term_string\"}],\"inLanguage\":\"es-MX\"},{\"@type\":\"ImageObject\",\"inLanguage\":\"es-MX\",\"@id\":\"https:\/\/patijinich.com\/pati_2020\/es\/video\/episodio-504-comida-casera-del-domingo\/#primaryimage\",\"url\":\"https:\/\/patijinich.com\/pati_2020\/es\/wp-content\/uploads\/sites\/3\/2021\/03\/PMT-504-Episode-Thumbnail-min.jpg\",\"contentUrl\":\"https:\/\/patijinich.com\/pati_2020\/es\/wp-content\/uploads\/sites\/3\/2021\/03\/PMT-504-Episode-Thumbnail-min.jpg\",\"width\":1600,\"height\":1200},{\"@type\":\"WebPage\",\"@id\":\"https:\/\/patijinich.com\/pati_2020\/es\/video\/episodio-504-comida-casera-del-domingo\/#webpage\",\"url\":\"https:\/\/patijinich.com\/pati_2020\/es\/video\/episodio-504-comida-casera-del-domingo\/\",\"name\":\"Episodio 504: Comida Casera del Domingo - Pati Jinich en Espa\u00f1ol\",\"isPartOf\":{\"@id\":\"https:\/\/patijinich.com\/pati_2020\/es\/#website\"},\"primaryImageOfPage\":{\"@id\":\"https:\/\/patijinich.com\/pati_2020\/es\/video\/episodio-504-comida-casera-del-domingo\/#primaryimage\"},\"datePublished\":\"2021-03-12T17:58:31+00:00\",\"dateModified\":\"2021-03-12T22:07:03+00:00\",\"breadcrumb\":{\"@id\":\"https:\/\/patijinich.com\/pati_2020\/es\/video\/episodio-504-comida-casera-del-domingo\/#breadcrumb\"},\"inLanguage\":\"es-MX\",\"potentialAction\":[{\"@type\":\"ReadAction\",\"target\":[\"https:\/\/patijinich.com\/pati_2020\/es\/video\/episodio-504-comida-casera-del-domingo\/\"]}]},{\"@type\":\"BreadcrumbList\",\"@id\":\"https:\/\/patijinich.com\/pati_2020\/es\/video\/episodio-504-comida-casera-del-domingo\/#breadcrumb\",\"itemListElement\":[{\"@type\":\"ListItem\",\"position\":1,\"name\":\"Home\",\"item\":\"https:\/\/patijinich.com\/pati_2020\/es\/\"},{\"@type\":\"ListItem\",\"position\":2,\"name\":\"Videos\",\"item\":\"https:\/\/patijinich.com\/pati_2020\/es\/video\/\"},{\"@type\":\"ListItem\",\"position\":3,\"name\":\"Episodio 504: Comida Casera del Domingo\"}]}]}<\/script>\n<!-- \/ Yoast SEO plugin. -->","yoast_head_json":{"title":"Episodio 504: Comida Casera del Domingo - Pati Jinich en Espa\u00f1ol","robots":{"index":"index","follow":"follow","max-snippet":"max-snippet:-1","max-image-preview":"max-image-preview:large","max-video-preview":"max-video-preview:-1"},"canonical":"https:\/\/patijinich.com\/pati_2020\/es\/video\/episodio-504-comida-casera-del-domingo\/","og_locale":"es_MX","og_type":"article","og_title":"Episodio 504: Comida Casera del Domingo - Pati Jinich en Espa\u00f1ol","og_description":"En M\u00e9rida, el domingo es un d\u00eda imperdible. Es una celebraci\u00f3n seminal con comida, baile y cultura. Pati comienza su d\u00eda como la mayor\u00eda de los meridanos, en el mercado. Despu\u00e9s de visitarlo y de probar la mejor torta de lech\u00f3n de la ciudad, presencia el baile de la Vaquer\u00eda en el z\u00f3calo de la [&hellip;]","og_url":"https:\/\/patijinich.com\/pati_2020\/es\/video\/episodio-504-comida-casera-del-domingo\/","og_site_name":"Pati Jinich en Espa\u00f1ol","article_modified_time":"2021-03-12T22:07:03+00:00","og_image":[{"width":1600,"height":1200,"url":"https:\/\/patijinich.com\/pati_2020\/es\/wp-content\/uploads\/sites\/3\/2021\/03\/PMT-504-Episode-Thumbnail-min.jpg","type":"image\/jpeg"}],"twitter_card":"summary_large_image","twitter_misc":{"Est. reading time":"1 minuto"},"schema":{"@context":"https:\/\/schema.org","@graph":[{"@type":"WebSite","@id":"https:\/\/patijinich.com\/pati_2020\/es\/#website","url":"https:\/\/patijinich.com\/pati_2020\/es\/","name":"Pati Jinich en Espa\u00f1ol","description":"Pati Jinich es la anfitriona del popular programa de la PBS Pati&#039;s Mexican Table, nominado a los premios Emmy and James Beard, autora de dos libros de cocina y chef residente en el Instituto Cultural Mexicano en Washington, D.C. Esta es su p\u00e1gina oficial, en la comparte recetas de su programa y recetas nuevas en su blog, eventos pr\u00f3ximos, noticias recientes y m\u00e1s.","potentialAction":[{"@type":"SearchAction","target":{"@type":"EntryPoint","urlTemplate":"https:\/\/patijinich.com\/pati_2020\/es\/?s={search_term_string}"},"query-input":"required name=search_term_string"}],"inLanguage":"es-MX"},{"@type":"ImageObject","inLanguage":"es-MX","@id":"https:\/\/patijinich.com\/pati_2020\/es\/video\/episodio-504-comida-casera-del-domingo\/#primaryimage","url":"https:\/\/patijinich.com\/pati_2020\/es\/wp-content\/uploads\/sites\/3\/2021\/03\/PMT-504-Episode-Thumbnail-min.jpg","contentUrl":"https:\/\/patijinich.com\/pati_2020\/es\/wp-content\/uploads\/sites\/3\/2021\/03\/PMT-504-Episode-Thumbnail-min.jpg","width":1600,"height":1200},{"@type":"WebPage","@id":"https:\/\/patijinich.com\/pati_2020\/es\/video\/episodio-504-comida-casera-del-domingo\/#webpage","url":"https:\/\/patijinich.com\/pati_2020\/es\/video\/episodio-504-comida-casera-del-domingo\/","name":"Episodio 504: Comida Casera del Domingo - Pati Jinich en Espa\u00f1ol","isPartOf":{"@id":"https:\/\/patijinich.com\/pati_2020\/es\/#website"},"primaryImageOfPage":{"@id":"https:\/\/patijinich.com\/pati_2020\/es\/video\/episodio-504-comida-casera-del-domingo\/#primaryimage"},"datePublished":"2021-03-12T17:58:31+00:00","dateModified":"2021-03-12T22:07:03+00:00","breadcrumb":{"@id":"https:\/\/patijinich.com\/pati_2020\/es\/video\/episodio-504-comida-casera-del-domingo\/#breadcrumb"},"inLanguage":"es-MX","potentialAction":[{"@type":"ReadAction","target":["https:\/\/patijinich.com\/pati_2020\/es\/video\/episodio-504-comida-casera-del-domingo\/"]}]},{"@type":"BreadcrumbList","@id":"https:\/\/patijinich.com\/pati_2020\/es\/video\/episodio-504-comida-casera-del-domingo\/#breadcrumb","itemListElement":[{"@type":"ListItem","position":1,"name":"Home","item":"https:\/\/patijinich.com\/pati_2020\/es\/"},{"@type":"ListItem","position":2,"name":"Videos","item":"https:\/\/patijinich.com\/pati_2020\/es\/video\/"},{"@type":"ListItem","position":3,"name":"Episodio 504: Comida Casera del Domingo"}]}]}},"_links":{"self":[{"href":"https:\/\/patijinich.com\/pati_2020\/es\/wp-json\/wp\/v2\/video\/12972"}],"collection":[{"href":"https:\/\/patijinich.com\/pati_2020\/es\/wp-json\/wp\/v2\/video"}],"about":[{"href":"https:\/\/patijinich.com\/pati_2020\/es\/wp-json\/wp\/v2\/types\/video"}],"wp:featuredmedia":[{"embeddable":true,"href":"https:\/\/patijinich.com\/pati_2020\/es\/wp-json\/wp\/v2\/media\/12959"}],"wp:attachment":[{"href":"https:\/\/patijinich.com\/pati_2020\/es\/wp-json\/wp\/v2\/media?parent=12972"}],"wp:term":[{"taxonomy":"region","embeddable":true,"href":"https:\/\/patijinich.com\/pati_2020\/es\/wp-json\/wp\/v2\/region?post=12972"},{"taxonomy":"series","embeddable":true,"href":"https:\/\/patijinich.com\/pati_2020\/es\/wp-json\/wp\/v2\/series?post=12972"}],"curies":[{"name":"wp","href":"https:\/\/api.w.org\/{rel}","templated":true}]}}