{"id":12974,"date":"2021-03-12T18:01:34","date_gmt":"2021-03-12T18:01:34","guid":{"rendered":"https:\/\/patijinich.com\/pati_2020\/es\/?post_type=video&#038;p=12974"},"modified":"2021-03-12T22:07:03","modified_gmt":"2021-03-12T22:07:03","slug":"episodio-506-yucatan-ancestral-con-mis-ninos","status":"publish","type":"video","link":"https:\/\/patijinich.com\/pati_2020\/es\/video\/episodio-506-yucatan-ancestral-con-mis-ninos\/","title":{"rendered":"Episodio 506: Yucat\u00e1n Ancestral con Mis Ni\u00f1os"},"content":{"rendered":"\n<p>Los tres hijos de Pati est\u00e1n en M\u00e9xico, y Pati quiere que conozcan y disfruten Yucat\u00e1n. En la primera parada, se suben a las ruinas de Uxmal y descubren lo avanzada que era la civilizaci\u00f3n Maya. Despu\u00e9s de explorar, se refrescan en uno de los cenotes escondidos. Para comer, los ni\u00f1os prueban los mejores tamales que hayan comido, junto con el platillo estrella de la regi\u00f3n, la Cochinita Pib\u00edl, que usa la t\u00e9cnica ancestral de cocinar la carne con piedras calientes en un hoyo en el suelo. De vuelta a casa, Pati crea su propia versi\u00f3n de cochinita, muy f\u00e1cil de hacer en un hogar moderno.<\/p>\n","protected":false},"excerpt":{"rendered":"<p>Los tres hijos de Pati est\u00e1n en M\u00e9xico, y Pati quiere que conozcan y disfruten Yucat\u00e1n. En la primera parada, se suben a las ruinas de Uxmal y descubren lo avanzada que era la civilizaci\u00f3n Maya. Despu\u00e9s de explorar, se refrescan en uno de los cenotes escondidos. Para comer, los ni\u00f1os prueban los mejores tamales [&hellip;]<\/p>\n","protected":false},"featured_media":12961,"template":"","meta":{"wprm-recipe-roundup-name":"","wprm-recipe-roundup-description":""},"region":[],"series":[7596,7607],"yoast_head":"<!-- This site is optimized with the Yoast SEO plugin v19.1 - https:\/\/yoast.com\/wordpress\/plugins\/seo\/ -->\n<title>Episodio 506: Yucat\u00e1n Ancestral con Mis Ni\u00f1os - Pati Jinich en Espa\u00f1ol<\/title>\n<meta name=\"robots\" content=\"index, follow, max-snippet:-1, max-image-preview:large, max-video-preview:-1\" \/>\n<link rel=\"canonical\" href=\"https:\/\/patijinich.com\/pati_2020\/es\/video\/episodio-506-yucatan-ancestral-con-mis-ninos\/\" \/>\n<meta property=\"og:locale\" content=\"es_MX\" \/>\n<meta property=\"og:type\" content=\"article\" \/>\n<meta property=\"og:title\" content=\"Episodio 506: Yucat\u00e1n Ancestral con Mis Ni\u00f1os - Pati Jinich en Espa\u00f1ol\" \/>\n<meta property=\"og:description\" content=\"Los tres hijos de Pati est\u00e1n en M\u00e9xico, y Pati quiere que conozcan y disfruten Yucat\u00e1n. En la primera parada, se suben a las ruinas de Uxmal y descubren lo avanzada que era la civilizaci\u00f3n Maya. Despu\u00e9s de explorar, se refrescan en uno de los cenotes escondidos. Para comer, los ni\u00f1os prueban los mejores tamales [&hellip;]\" \/>\n<meta property=\"og:url\" content=\"https:\/\/patijinich.com\/pati_2020\/es\/video\/episodio-506-yucatan-ancestral-con-mis-ninos\/\" \/>\n<meta property=\"og:site_name\" content=\"Pati Jinich en Espa\u00f1ol\" \/>\n<meta property=\"article:modified_time\" content=\"2021-03-12T22:07:03+00:00\" \/>\n<meta property=\"og:image\" content=\"https:\/\/patijinich.com\/pati_2020\/es\/wp-content\/uploads\/sites\/3\/2021\/03\/PMT-506-Episode-Thumbnail-min.jpg\" \/>\n\t<meta property=\"og:image:width\" content=\"1600\" \/>\n\t<meta property=\"og:image:height\" content=\"1200\" \/>\n\t<meta property=\"og:image:type\" content=\"image\/jpeg\" \/>\n<meta name=\"twitter:card\" content=\"summary_large_image\" \/>\n<meta name=\"twitter:label1\" content=\"Est. reading time\" \/>\n\t<meta name=\"twitter:data1\" content=\"1 minuto\" \/>\n<script type=\"application\/ld+json\" class=\"yoast-schema-graph\">{\"@context\":\"https:\/\/schema.org\",\"@graph\":[{\"@type\":\"WebSite\",\"@id\":\"https:\/\/patijinich.com\/pati_2020\/es\/#website\",\"url\":\"https:\/\/patijinich.com\/pati_2020\/es\/\",\"name\":\"Pati Jinich en Espa\u00f1ol\",\"description\":\"Pati Jinich es la anfitriona del popular programa de la PBS Pati&#039;s Mexican Table, nominado a los premios Emmy and James Beard, autora de dos libros de cocina y chef residente en el Instituto Cultural Mexicano en Washington, D.C. Esta es su p\u00e1gina oficial, en la comparte recetas de su programa y recetas nuevas en su blog, eventos pr\u00f3ximos, noticias recientes y m\u00e1s.\",\"potentialAction\":[{\"@type\":\"SearchAction\",\"target\":{\"@type\":\"EntryPoint\",\"urlTemplate\":\"https:\/\/patijinich.com\/pati_2020\/es\/?s={search_term_string}\"},\"query-input\":\"required name=search_term_string\"}],\"inLanguage\":\"es-MX\"},{\"@type\":\"ImageObject\",\"inLanguage\":\"es-MX\",\"@id\":\"https:\/\/patijinich.com\/pati_2020\/es\/video\/episodio-506-yucatan-ancestral-con-mis-ninos\/#primaryimage\",\"url\":\"https:\/\/patijinich.com\/pati_2020\/es\/wp-content\/uploads\/sites\/3\/2021\/03\/PMT-506-Episode-Thumbnail-min.jpg\",\"contentUrl\":\"https:\/\/patijinich.com\/pati_2020\/es\/wp-content\/uploads\/sites\/3\/2021\/03\/PMT-506-Episode-Thumbnail-min.jpg\",\"width\":1600,\"height\":1200},{\"@type\":\"WebPage\",\"@id\":\"https:\/\/patijinich.com\/pati_2020\/es\/video\/episodio-506-yucatan-ancestral-con-mis-ninos\/#webpage\",\"url\":\"https:\/\/patijinich.com\/pati_2020\/es\/video\/episodio-506-yucatan-ancestral-con-mis-ninos\/\",\"name\":\"Episodio 506: Yucat\u00e1n Ancestral con Mis Ni\u00f1os - Pati Jinich en Espa\u00f1ol\",\"isPartOf\":{\"@id\":\"https:\/\/patijinich.com\/pati_2020\/es\/#website\"},\"primaryImageOfPage\":{\"@id\":\"https:\/\/patijinich.com\/pati_2020\/es\/video\/episodio-506-yucatan-ancestral-con-mis-ninos\/#primaryimage\"},\"datePublished\":\"2021-03-12T18:01:34+00:00\",\"dateModified\":\"2021-03-12T22:07:03+00:00\",\"breadcrumb\":{\"@id\":\"https:\/\/patijinich.com\/pati_2020\/es\/video\/episodio-506-yucatan-ancestral-con-mis-ninos\/#breadcrumb\"},\"inLanguage\":\"es-MX\",\"potentialAction\":[{\"@type\":\"ReadAction\",\"target\":[\"https:\/\/patijinich.com\/pati_2020\/es\/video\/episodio-506-yucatan-ancestral-con-mis-ninos\/\"]}]},{\"@type\":\"BreadcrumbList\",\"@id\":\"https:\/\/patijinich.com\/pati_2020\/es\/video\/episodio-506-yucatan-ancestral-con-mis-ninos\/#breadcrumb\",\"itemListElement\":[{\"@type\":\"ListItem\",\"position\":1,\"name\":\"Home\",\"item\":\"https:\/\/patijinich.com\/pati_2020\/es\/\"},{\"@type\":\"ListItem\",\"position\":2,\"name\":\"Videos\",\"item\":\"https:\/\/patijinich.com\/pati_2020\/es\/video\/\"},{\"@type\":\"ListItem\",\"position\":3,\"name\":\"Episodio 506: Yucat\u00e1n Ancestral con Mis Ni\u00f1os\"}]}]}<\/script>\n<!-- \/ Yoast SEO plugin. -->","yoast_head_json":{"title":"Episodio 506: Yucat\u00e1n Ancestral con Mis Ni\u00f1os - Pati Jinich en Espa\u00f1ol","robots":{"index":"index","follow":"follow","max-snippet":"max-snippet:-1","max-image-preview":"max-image-preview:large","max-video-preview":"max-video-preview:-1"},"canonical":"https:\/\/patijinich.com\/pati_2020\/es\/video\/episodio-506-yucatan-ancestral-con-mis-ninos\/","og_locale":"es_MX","og_type":"article","og_title":"Episodio 506: Yucat\u00e1n Ancestral con Mis Ni\u00f1os - Pati Jinich en Espa\u00f1ol","og_description":"Los tres hijos de Pati est\u00e1n en M\u00e9xico, y Pati quiere que conozcan y disfruten Yucat\u00e1n. En la primera parada, se suben a las ruinas de Uxmal y descubren lo avanzada que era la civilizaci\u00f3n Maya. Despu\u00e9s de explorar, se refrescan en uno de los cenotes escondidos. Para comer, los ni\u00f1os prueban los mejores tamales [&hellip;]","og_url":"https:\/\/patijinich.com\/pati_2020\/es\/video\/episodio-506-yucatan-ancestral-con-mis-ninos\/","og_site_name":"Pati Jinich en Espa\u00f1ol","article_modified_time":"2021-03-12T22:07:03+00:00","og_image":[{"width":1600,"height":1200,"url":"https:\/\/patijinich.com\/pati_2020\/es\/wp-content\/uploads\/sites\/3\/2021\/03\/PMT-506-Episode-Thumbnail-min.jpg","type":"image\/jpeg"}],"twitter_card":"summary_large_image","twitter_misc":{"Est. reading time":"1 minuto"},"schema":{"@context":"https:\/\/schema.org","@graph":[{"@type":"WebSite","@id":"https:\/\/patijinich.com\/pati_2020\/es\/#website","url":"https:\/\/patijinich.com\/pati_2020\/es\/","name":"Pati Jinich en Espa\u00f1ol","description":"Pati Jinich es la anfitriona del popular programa de la PBS Pati&#039;s Mexican Table, nominado a los premios Emmy and James Beard, autora de dos libros de cocina y chef residente en el Instituto Cultural Mexicano en Washington, D.C. Esta es su p\u00e1gina oficial, en la comparte recetas de su programa y recetas nuevas en su blog, eventos pr\u00f3ximos, noticias recientes y m\u00e1s.","potentialAction":[{"@type":"SearchAction","target":{"@type":"EntryPoint","urlTemplate":"https:\/\/patijinich.com\/pati_2020\/es\/?s={search_term_string}"},"query-input":"required name=search_term_string"}],"inLanguage":"es-MX"},{"@type":"ImageObject","inLanguage":"es-MX","@id":"https:\/\/patijinich.com\/pati_2020\/es\/video\/episodio-506-yucatan-ancestral-con-mis-ninos\/#primaryimage","url":"https:\/\/patijinich.com\/pati_2020\/es\/wp-content\/uploads\/sites\/3\/2021\/03\/PMT-506-Episode-Thumbnail-min.jpg","contentUrl":"https:\/\/patijinich.com\/pati_2020\/es\/wp-content\/uploads\/sites\/3\/2021\/03\/PMT-506-Episode-Thumbnail-min.jpg","width":1600,"height":1200},{"@type":"WebPage","@id":"https:\/\/patijinich.com\/pati_2020\/es\/video\/episodio-506-yucatan-ancestral-con-mis-ninos\/#webpage","url":"https:\/\/patijinich.com\/pati_2020\/es\/video\/episodio-506-yucatan-ancestral-con-mis-ninos\/","name":"Episodio 506: Yucat\u00e1n Ancestral con Mis Ni\u00f1os - Pati Jinich en Espa\u00f1ol","isPartOf":{"@id":"https:\/\/patijinich.com\/pati_2020\/es\/#website"},"primaryImageOfPage":{"@id":"https:\/\/patijinich.com\/pati_2020\/es\/video\/episodio-506-yucatan-ancestral-con-mis-ninos\/#primaryimage"},"datePublished":"2021-03-12T18:01:34+00:00","dateModified":"2021-03-12T22:07:03+00:00","breadcrumb":{"@id":"https:\/\/patijinich.com\/pati_2020\/es\/video\/episodio-506-yucatan-ancestral-con-mis-ninos\/#breadcrumb"},"inLanguage":"es-MX","potentialAction":[{"@type":"ReadAction","target":["https:\/\/patijinich.com\/pati_2020\/es\/video\/episodio-506-yucatan-ancestral-con-mis-ninos\/"]}]},{"@type":"BreadcrumbList","@id":"https:\/\/patijinich.com\/pati_2020\/es\/video\/episodio-506-yucatan-ancestral-con-mis-ninos\/#breadcrumb","itemListElement":[{"@type":"ListItem","position":1,"name":"Home","item":"https:\/\/patijinich.com\/pati_2020\/es\/"},{"@type":"ListItem","position":2,"name":"Videos","item":"https:\/\/patijinich.com\/pati_2020\/es\/video\/"},{"@type":"ListItem","position":3,"name":"Episodio 506: Yucat\u00e1n Ancestral con Mis Ni\u00f1os"}]}]}},"_links":{"self":[{"href":"https:\/\/patijinich.com\/pati_2020\/es\/wp-json\/wp\/v2\/video\/12974"}],"collection":[{"href":"https:\/\/patijinich.com\/pati_2020\/es\/wp-json\/wp\/v2\/video"}],"about":[{"href":"https:\/\/patijinich.com\/pati_2020\/es\/wp-json\/wp\/v2\/types\/video"}],"wp:featuredmedia":[{"embeddable":true,"href":"https:\/\/patijinich.com\/pati_2020\/es\/wp-json\/wp\/v2\/media\/12961"}],"wp:attachment":[{"href":"https:\/\/patijinich.com\/pati_2020\/es\/wp-json\/wp\/v2\/media?parent=12974"}],"wp:term":[{"taxonomy":"region","embeddable":true,"href":"https:\/\/patijinich.com\/pati_2020\/es\/wp-json\/wp\/v2\/region?post=12974"},{"taxonomy":"series","embeddable":true,"href":"https:\/\/patijinich.com\/pati_2020\/es\/wp-json\/wp\/v2\/series?post=12974"}],"curies":[{"name":"wp","href":"https:\/\/api.w.org\/{rel}","templated":true}]}}